{"id":2864,"date":"2016-09-27T11:11:33","date_gmt":"2016-09-27T09:11:33","guid":{"rendered":"https:\/\/www.gout-region.ch\/a-propos\/"},"modified":"2026-02-27T14:21:18","modified_gmt":"2026-02-27T13:21:18","slug":"praesentation-engagement","status":"publish","type":"page","link":"https:\/\/www.gout-region.ch\/de\/praesentation-engagement\/","title":{"rendered":"\u00dcber Go\u00fbt &#038; R\u00e9gion"},"content":{"rendered":"<p>Go\u00fbt &amp; R\u00e9gion: Wer sind wir, was tun wir, wof\u00fcr stehen wir? Go\u00fbt &amp; R\u00e9gion: 1 Unternehmen, 3 Standorte Go\u00fbt &amp; R\u00e9gion: Unsere Vision und unsere Mission Go\u00fbt &amp; R\u00e9gion: Engagement f\u00fcr nachhaltige Entwicklung Go\u00fbt &amp; R\u00e9gion in den Medien Go\u00fbt &amp; R\u00e9gion: <a href=\"https:\/\/www.gout-region.ch\/de\/praesentation-engagement\/\" title=\"Read more on \u00dcber Go\u00fbt &#038; R\u00e9gion\" class=\"more-link\">mehr<\/a><\/p>\n","protected":false},"excerpt":{"rendered":"<p>Go\u00fbt &amp; R\u00e9gion: Wer sind wir, was tun wir, wof\u00fcr stehen wir? Go\u00fbt &amp; R\u00e9gion: 1 Unternehmen, 3 Standorte Go\u00fbt &amp; R\u00e9gion: Unsere Vision und unsere Mission Go\u00fbt &amp; R\u00e9gion: Engagement f\u00fcr nachhaltige Entwicklung Go\u00fbt &amp; R\u00e9gion in den Medien Go\u00fbt &amp; R\u00e9gion: mehr<\/p>\n","protected":false},"author":1,"featured_media":0,"parent":0,"menu_order":0,"comment_status":"closed","ping_status":"closed","template":"","meta":[],"yoast_head":"<!-- This site is optimized with the Yoast SEO plugin v15.9.2 - https:\/\/yoast.com\/wordpress\/plugins\/seo\/ -->\n<title>Go\u00fbt &amp; R\u00e9gion: Unternehmen und Aktivit\u00e4ten<\/title>\n<meta name=\"description\" content=\"Go\u00fbt &amp; R\u00e9gion ist Tourismusunternehmen und F\u00f6rderer einer nachhaltigen touristischen Entwicklung im Val-de-Travers.\" \/>\n<meta name=\"robots\" content=\"index, follow, max-snippet:-1, max-image-preview:large, max-video-preview:-1\" \/>\n<link rel=\"canonical\" href=\"https:\/\/www.gout-region.ch\/de\/praesentation-engagement\/\" \/>\n<meta property=\"og:locale\" content=\"de_DE\" \/>\n<meta property=\"og:type\" content=\"article\" \/>\n<meta property=\"og:title\" content=\"Go\u00fbt &amp; R\u00e9gion: Unternehmen und Aktivit\u00e4ten\" \/>\n<meta property=\"og:description\" content=\"Go\u00fbt &amp; R\u00e9gion ist Tourismusunternehmen und F\u00f6rderer einer nachhaltigen touristischen Entwicklung im Val-de-Travers.\" \/>\n<meta property=\"og:url\" content=\"https:\/\/www.gout-region.ch\/de\/praesentation-engagement\/\" \/>\n<meta property=\"og:site_name\" content=\"Go\u00fbt &amp; R\u00e9gion | Val-de-Travers\" \/>\n<meta property=\"article:publisher\" content=\"https:\/\/www.facebook.com\/goutetregion\/\" \/>\n<meta property=\"article:modified_time\" content=\"2026-02-27T13:21:18+00:00\" \/>\n<meta property=\"og:image\" content=\"https:\/\/www.gout-region.ch\/wp-content\/uploads\/2018\/07\/CreuxduVan.jpg\" \/>\n\t<meta property=\"og:image:width\" content=\"1500\" \/>\n\t<meta property=\"og:image:height\" content=\"768\" \/>\n<meta name=\"twitter:card\" content=\"summary_large_image\" \/>\n<meta name=\"twitter:label1\" content=\"Gesch\u00e4tzte Lesezeit\">\n\t<meta name=\"twitter:data1\" content=\"22\u00a0Minuten\">\n<script type=\"application\/ld+json\" class=\"yoast-schema-graph\">{\"@context\":\"https:\/\/schema.org\",\"@graph\":[{\"@type\":\"WebSite\",\"@id\":\"https:\/\/www.gout-region.ch\/de\/#website\",\"url\":\"https:\/\/www.gout-region.ch\/de\/\",\"name\":\"Go\\u00fbt &amp; R\\u00e9gion | Val-de-Travers\",\"description\":\"\",\"potentialAction\":[{\"@type\":\"SearchAction\",\"target\":\"https:\/\/www.gout-region.ch\/de\/?s={search_term_string}\",\"query-input\":\"required name=search_term_string\"}],\"inLanguage\":\"de\"},{\"@type\":\"WebPage\",\"@id\":\"https:\/\/www.gout-region.ch\/de\/praesentation-engagement\/#webpage\",\"url\":\"https:\/\/www.gout-region.ch\/de\/praesentation-engagement\/\",\"name\":\"Go\\u00fbt & R\\u00e9gion: Unternehmen und Aktivit\\u00e4ten\",\"isPartOf\":{\"@id\":\"https:\/\/www.gout-region.ch\/de\/#website\"},\"datePublished\":\"2016-09-27T09:11:33+00:00\",\"dateModified\":\"2026-02-27T13:21:18+00:00\",\"description\":\"Go\\u00fbt & R\\u00e9gion ist Tourismusunternehmen und F\\u00f6rderer einer nachhaltigen touristischen Entwicklung im Val-de-Travers.\",\"breadcrumb\":{\"@id\":\"https:\/\/www.gout-region.ch\/de\/praesentation-engagement\/#breadcrumb\"},\"inLanguage\":\"de\",\"potentialAction\":[{\"@type\":\"ReadAction\",\"target\":[\"https:\/\/www.gout-region.ch\/de\/praesentation-engagement\/\"]}]},{\"@type\":\"BreadcrumbList\",\"@id\":\"https:\/\/www.gout-region.ch\/de\/praesentation-engagement\/#breadcrumb\",\"itemListElement\":[{\"@type\":\"ListItem\",\"position\":1,\"item\":{\"@type\":\"WebPage\",\"@id\":\"https:\/\/www.gout-region.ch\/de\/\",\"url\":\"https:\/\/www.gout-region.ch\/de\/\",\"name\":\"Accueil\"}},{\"@type\":\"ListItem\",\"position\":2,\"item\":{\"@type\":\"WebPage\",\"@id\":\"https:\/\/www.gout-region.ch\/de\/praesentation-engagement\/\",\"url\":\"https:\/\/www.gout-region.ch\/de\/praesentation-engagement\/\",\"name\":\"\\u00dcber Go\\u00fbt &#038; R\\u00e9gion\"}}]}]}<\/script>\n<!-- \/ Yoast SEO plugin. -->","_links":{"self":[{"href":"https:\/\/www.gout-region.ch\/de\/wp-json\/wp\/v2\/pages\/2864"}],"collection":[{"href":"https:\/\/www.gout-region.ch\/de\/wp-json\/wp\/v2\/pages"}],"about":[{"href":"https:\/\/www.gout-region.ch\/de\/wp-json\/wp\/v2\/types\/page"}],"author":[{"embeddable":true,"href":"https:\/\/www.gout-region.ch\/de\/wp-json\/wp\/v2\/users\/1"}],"replies":[{"embeddable":true,"href":"https:\/\/www.gout-region.ch\/de\/wp-json\/wp\/v2\/comments?post=2864"}],"version-history":[{"count":60,"href":"https:\/\/www.gout-region.ch\/de\/wp-json\/wp\/v2\/pages\/2864\/revisions"}],"predecessor-version":[{"id":9413,"href":"https:\/\/www.gout-region.ch\/de\/wp-json\/wp\/v2\/pages\/2864\/revisions\/9413"}],"wp:attachment":[{"href":"https:\/\/www.gout-region.ch\/de\/wp-json\/wp\/v2\/media?parent=2864"}],"curies":[{"name":"wp","href":"https:\/\/api.w.org\/{rel}","templated":true}]}}